{"id":811,"date":"2016-04-15T13:57:00","date_gmt":"2016-04-15T11:57:00","guid":{"rendered":"http:\/\/pf.gdu.edu.az\/?page_id=811"},"modified":"2025-04-03T08:45:14","modified_gmt":"2025-04-03T06:45:14","slug":"bas-mu%c9%99llim-abbasova-b%c9%99sir%c9%99-heyd%c9%99r-qizi","status":"publish","type":"page","link":"http:\/\/pedf.gdu.edu.az\/?page_id=811","title":{"rendered":"Ba\u015f m\u00fc\u0259llim Abbasova B\u0259sir\u0259 Heyd\u0259r q\u0131z\u0131"},"content":{"rendered":"\n<div class=\"wp-block-image\"><figure class=\"alignleft\"><a href=\"http:\/\/pedf.gdu.edu.az\/wp-content\/uploads\/2016\/04\/Basira-Abbasova.jpg\" data-rel=\"lightbox-image-0\" data-rl_title=\"\" data-rl_caption=\"\" title=\"\"><img loading=\"lazy\" decoding=\"async\" width=\"250\" height=\"313\" src=\"http:\/\/pedf.gdu.edu.az\/wp-content\/uploads\/2016\/04\/Basira-Abbasova.jpg\" alt=\"Basira Abbasova\" class=\"wp-image-781\" srcset=\"http:\/\/pedf.gdu.edu.az\/wp-content\/uploads\/2016\/04\/Basira-Abbasova.jpg 250w, http:\/\/pedf.gdu.edu.az\/wp-content\/uploads\/2016\/04\/Basira-Abbasova-240x300.jpg 240w\" sizes=\"auto, (max-width: 250px) 100vw, 250px\" \/><\/a><\/figure><\/div>\n\n\n\n<p>G\u0259nc\u0259 D\u00f6vl\u0259t Universitetin \u00dcmumi pedaqogika kafedrasin\u0131n ba\u015f m\u00fc\u0259llimi<\/p>\n\n\n\n<p><strong>Telefon: <\/strong>+994515912025<\/p>\n\n\n\n<p><strong>E-mail: <\/strong><u>abbasova-abbasova777<\/u><u>@mail<\/u><u>.ru<\/u><\/p>\n\n\n\n<p><strong>QISA B\u0130OQRAF\u0130K M\u018fLUMAT<\/strong><\/p>\n\n\n\n<p>* 03 yanvar 1970-ci ild\u0259 G\u0259nc\u0259 \u015f\u0259h\u0259rind\u0259 f\u0259hl\u0259 ail\u0259sind\u0259 anadan olub. Ail\u0259lidir, 2 \u00f6vlad\u0131 var. 2013-c\u00fc ild\u0259n YAP-\u0131n \u00fczv\u00fcd\u00fcr.<\/p>\n\n\n\n<h1 class=\"wp-block-heading\"><strong>T\u018f<\/strong><strong>HS\u0130<\/strong><strong>L\u0130<\/strong><strong>, ELM\u0130<\/strong><strong> D\u018f<\/strong><strong>R\u018f<\/strong><strong>C\u018f<\/strong><strong>S\u0130<\/strong><strong> V\u018f<\/strong><strong> ELM\u0130<\/strong><strong> ADLARI<\/strong><\/h1>\n\n\n\n<h1 class=\"wp-block-heading\">*1987-ci ild\u0259 G\u0259nc\u0259 \u015f\u0259h\u0259ri, N\u0259riman N\u0259rimanov ad\u0131na 25 sayl\u0131 orta m\u0259kt\u0259bi \u0259la qiym\u0259tl\u0259rl\u0259 bitirib.<\/h1>\n\n\n\n<p>*1991-ci ild\u0259 H.Z\u0259rdabi ad\u0131na G\u0259nc\u0259 D\u00f6vl\u0259t Pedaqoji \u0130nstitutunun \u0130btidai t\u0259hsilin pedaqogikas\u0131 v\u0259 metodikas\u0131 fak\u00fclt\u0259sini f\u0259rql\u0259nm\u0259 diplomu il\u0259 bitirib.<\/p>\n\n\n\n<h1 class=\"wp-block-heading\"><strong>&nbsp;<\/strong><\/h1>\n\n\n\n<h1 class=\"wp-block-heading\"><strong>\u018f<\/strong><strong>M\u018f<\/strong><strong>K F\u018f<\/strong><strong>AL\u0130<\/strong><strong>YY\u018f<\/strong><strong>T\u0130<\/strong><\/h1>\n\n\n\n<p>*1991-1995 -ci ill\u0259rd\u0259 H.Z\u0259rdabi ad\u0131na G\u0259nc\u0259 D\u00f6vl\u0259t Pedaqoji \u0130nstitutunun \u00dcmumi pedaqogika kafedras\u0131nda \u0259vv\u0259lc\u0259 laborant,sonra ba\u015f laborant,saathesab\u0131 m\u00fc\u0259llim<\/p>\n\n\n\n<p>*1995- ci ild\u0259 G\u0259nc\u0259 D\u00f6vl\u0259t Universiteti, \u00dcmumi pedaqogika kafedras\u0131nda m\u00fc\u0259llim<\/p>\n\n\n\n<p>*2008-ci ild\u0259n hal-haz\u0131rad\u0259k G\u0259nc\u0259 D\u00f6vl\u0259t Universiteti, \u00dcmumi pedaqogika kafedras\u0131nda ba\u015f m\u00fc\u0259llim kimi f\u0259aliyy\u0259t g\u00f6st\u0259rir.<\/p>\n\n\n\n<p>*2017-ci ild\u0259n G\u0259nc\u0259 D\u00f6vl\u0259t Universiteti, \u00dcmumi pedaqogika kafedras\u0131n\u0131n 5804.01 \u201c\u00dcmumi pedaqogika, pedaqogikan\u0131n v\u0259 t\u0259hsilin tarixi\u201d ixtisas\u0131n\u0131n F\u0259ls\u0259f\u0259 Doktoru Proqram\u0131 \u00fczr\u0259&nbsp; doktorant\u0131d\u0131r.<\/p>\n\n\n\n<p>*2018-2019- cu ill\u0259rd\u0259 UN\u0130CEF, R\u0130\u0130B v\u0259 T\u0259hsil \u0130nstitutunun t\u0259lim\u00e7isi olub.<\/p>\n\n\n\n<p><strong>D\u0130L B\u0130LG\u0130S\u0130: <\/strong>Az\u0259rbaycan, Rus, T\u00fcrk<\/p>\n\n\n\n<p><strong>T\u018fDQ\u0130QAT SAH\u018fS\u0130: <\/strong>\u00dcmumi pedaqogika, pedaqogikan\u0131n v\u0259 t\u0259hsilin tarixi, \u0130nkl\u00fcziv t\u0259hsil<\/p>\n\n\n\n<p><strong>ELM\u0130 \u018fS\u018fRL\u018fR\u0130: <\/strong>F\u0259aliyy\u0259ti d\u00f6vr\u00fcnd\u0259 35-d\u0259n \u00e7ox elmi \u0259s\u0259rin, 5 qrifli n\u0259\u015fr olunmu\u015f f\u0259nn proqram\u0131 m\u00fc\u0259llifidir. Onlardan son d\u00f6vrd\u0259 \u00e7ap olunanlar a\u015fa\u011f\u0131dak\u0131lard\u0131r:<\/p>\n\n\n\n<p>1.G\u0259ncl\u0259rin milli-m\u0259n\u0259vi t\u0259rbiy\u0259sind\u0259 islam d\u0259y\u0259rl\u0259ri v\u0259 m\u00fcasirlik.GDU Elmi-x\u0259b\u0259rl\u0259r m\u0259cmu\u0259si, G\u0259nc\u0259, 2018, \u2116 1<\/p>\n\n\n\n<p>2.Az\u0259rbaycan Xalq C\u00fcmhuriyy\u0259ti d\u00f6vr\u00fcnd\u0259 elmin v\u0259 t\u0259hsilin inki\u015faf\u0131. Bak\u0131, Kurikulum Elmi-metodik jurnal 2018, \u2116 2<\/p>\n\n\n\n<p>3.Psixoloji m\u00fchit v\u0259 t\u0259rbiy\u0259.Yeniyetm\u0259 o\u011flan v\u0259 q\u0131zlar\u0131n m\u0259n\u0259vi t\u0259rbiy\u0259sind\u0259 asud\u0259 vaxt\u0131n s\u0259m\u0259r\u0259li t\u0259\u015fkili. Bak\u0131, Kurikulum Elmi-metodik jurnal.2023, \u2116 1<\/p>\n\n\n\n<p><strong>F\u0259nn proqramlar\u0131:<\/strong><\/p>\n\n\n\n<p>1.M\u00fcasir t\u0259lim texnologiyalar\u0131\/\/.Ali m\u0259kt\u0259bl\u0259rin m\u00fc\u0259llim haz\u0131rl\u0131\u011f\u0131 ixtisaslar\u0131 \u00fczr\u0259 bakalavriat s\u0259viyy\u0259si \u00fc\u00e7\u00fcn&nbsp; F\u0259nn proqram\u0131. Bak\u0131 , 2024<\/p>\n\n\n\n<ol class=\"wp-block-list\" start=\"2\"><li>M\u0259kt\u0259b\u015f\u00fcnasl\u0131q(T\u0259hsil sisteminin idar\u0259olunmas\u0131)\/\/ Ali m\u0259kt\u0259bl\u0259rin m\u00fc\u0259llim haz\u0131rl\u0131\u011f\u0131 ixtisaslar\u0131 \u00fczr\u0259 bakalavriat s\u0259viyy\u0259si \u00fc\u00e7\u00fcn F\u0259nn proqram\u0131. Bak\u0131 , 2024<\/li><li>T\u0259rbiy\u0259 prosesinin normativ- h\u00fcquqi \u0259saslar\u0131 \/\/ Ali m\u0259kt\u0259bl\u0259rin m\u00fc\u0259llim haz\u0131rl\u0131\u011f\u0131 ixtisaslar\u0131 \u00fczr\u0259 magistratura s\u0259viyy\u0259si \u00fc\u00e7\u00fcn F\u0259nn proqram\u0131. Bak\u0131 , 2015<\/li><li>Yeniyetm\u0259 v\u0259 g\u0259ncl\u0259rinn asud\u0259 vaxtlar\u0131n\u0131n t\u0259\u015fkili\/\/ Ali m\u0259kt\u0259bl\u0259rin m\u00fc\u0259llim haz\u0131rl\u0131\u011f\u0131 ixtisaslar\u0131 \u00fczr\u0259 bakalavriat s\u0259viyy\u0259si \u00fc\u00e7\u00fcn F\u0259nn proqram\u0131. Bak\u0131 , 2025<\/li><li>\u0130nkluziv t\u0259hsilin pedaqogikas\u0131 \/\/ ARTN GDU Universitetl\u0259rin sosial pedaqogika v\u0259 pedaqogika n\u0259z\u0259riyy\u0259si v\u0259 tarixi ixtisaslar\u0131 \u00fczr\u0259 magistr s\u0259viyy\u0259si \u00fc\u00e7\u00fcn F\u0259nn proqram\u0131. Bak\u0131, 2019<\/li><\/ol>\n\n\n\n<p><strong>Beyn\u0259lxalq v\u0259 respublika simpozium v\u0259 konfranslarda i\u015ftirak\u0131:<\/strong><\/p>\n\n\n\n<p>1.\u00ab\u041f\u0435\u0434\u0430\u0433\u043e\u0433\u0438\u0447\u0435\u0441\u043a\u043e\u0435 \u043d\u0440\u0430\u0432\u0441\u0442\u0432\u0435\u043d\u043d\u043e\u0435 \u0442\u0432\u043e\u0440\u0447\u0435\u0441\u0442\u0432\u043e \u0410\u043b\u0438\u0448\u0435\u0440 \u041d\u0430\u0432\u043e\u0438\u00bb \u043c\u0430\u0442\u0435\u0440\u0438\u0430\u043b\u044b II \u0442\u0440\u0430\u0434\u0438\u0446\u0438\u043e\u043d\u043d\u044b\u0439 \u043c\u0435\u0436\u0434\u0443\u043d\u0430\u0440\u043e\u0434\u043d\u043e\u0439 \u043d\u0430\u0443\u0447\u043d\u043e-\u043f\u0440\u0430\u043a\u0442\u0438\u0447\u0435\u0441\u043a\u043e\u0439 \u043a\u043e\u0444\u0440\u0435\u043d\u0446\u0438\u0438 \u043d\u0430 \u0442\u0435\u043c\u0443 \u041c\u0415\u0421\u0422\u041e \u0422\u0412\u041e\u0420\u0427\u0415\u0421\u041a\u041e\u0413\u041e \u041d\u0410\u0421\u041b\u0415\u0414\u0418\u042f \u0410\u041b\u0418\u0428\u0415\u0420\u0410 \u041d\u0410\u0412\u041e\u0418 \u0412 \u0420\u0410\u0417\u0412\u0418\u0422\u0418\u0418 \u0414\u0423\u0425\u041e\u0412\u041d\u041e\u0421\u0422\u0418 \u0418 \u041f\u0420\u041e\u0421\u0412\u0415\u0429\u0415\u041d\u0418\u042f \u0427\u0415\u041b\u041e\u0412\u0415\u0427\u0415\u0421\u0422\u0412\u0410 6-7\u0444\u0435\u0432\u0440\u0430\u043b\u044f, 2018 \u0423\u0437\u0431\u0435\u043a\u0438\u0441\u0442\u0430\u043d<\/p>\n\n\n\n<p>2.\u00ab\u0414\u0443\u0445\u043e\u0432\u043d\u043e-\u043d\u0440\u0430\u0432\u0441\u0442\u0432\u0435\u043d\u043d\u043e\u0435 \u0432\u043e\u0441\u043f\u0438\u0442\u0430\u043d\u0438\u044f \u043c\u043e\u043b\u043e\u0434\u0435\u0436\u0438 \u0432 \u0441\u043e\u0432\u0440\u0435\u043c\u0435\u043d\u043d\u043e\u043c \u043c\u0438\u0440\u0435\u00bb. \u0410\u043a\u0442\u0443\u0430\u043b\u044c\u043d\u044b\u0435 \u043f\u0440\u043e\u0431\u043b\u0435\u043c\u044b \u043c\u0438\u0440\u043e\u0432\u043e\u0439 \u0444\u0438\u043b\u043e\u0441\u043e\u0444\u0438\u0438, \u0440\u0430\u0437\u0432\u0438\u0442\u0438\u0438 \u0447\u0435\u043b\u043e\u0432\u0435\u043a\u0430, \u0435\u0433\u043e \u0441\u043e\u0437\u043d\u0430\u043d\u0438\u044f, \u043d\u0440\u0430\u0432\u0441\u0442\u0432\u0435\u043d\u043d\u043e\u0441\u0442\u0438. 16-17 \u0444\u0435\u0432\u0440\u0430\u043b\u044f, 2018, \u041a\u0430\u0437\u0430\u0445\u044b\u0441\u0442\u0430\u043d<\/p>\n\n\n\n<ol class=\"wp-block-list\" start=\"3\"><li>\u00ab\u0420\u0435\u0444\u043e\u0440\u043c\u044b \u043d\u0430\u0440\u043e\u0434\u043d\u043e\u0433\u043e \u043e\u0431\u0440\u0430\u0437\u043e\u0432\u0430\u043d\u0438\u044f \u0432 \u0410\u0437\u0435\u0440\u0431\u0430\u0439\u0434\u0436\u0430\u043d\u0441\u043a\u043e\u0439 \u0420\u0435\u0441\u043f\u0443\u0431\u043b\u0438\u043a\u0435 \u0432 1918-1920 \u0433\u0433. \u043a\u0430\u043a \u0433\u043b\u043e\u0431\u0430\u043b\u044c\u043d\u044b\u0439 \u043f\u0440\u043e\u0435\u043a\u0442\u00bb. M\u00fcs\u0259lman \u015e\u0259rqind\u0259 ilk parlamentli Respublika.Az\u0259rbaycan Xalq C\u00fcmhuriyy\u0259tinin 100 illik yubiliyen\u0259 h\u0259sr olunmu\u015f Beyn\u0259lxalq Elmi konfrans materiallar\u0131. 21-23 may, 2018, Bak\u0131<\/li><\/ol>\n\n\n\n<p>4.\u00ab\u0418\u043d\u043a\u043b\u044e\u0437\u0438\u0432\u043d\u043e\u0435 \u043e\u0431\u0440\u0430\u0437\u043e\u0432\u0430\u043d\u0438\u0435 \u0432 \u043a\u043e\u043d\u0442\u0435\u043a\u0441\u0442\u0435 \u0441\u043e\u0432\u0440\u0435\u043c\u0435\u043d\u043d\u043e\u0439 \u0441\u043e\u0446\u0438\u0430\u043b\u044c\u043d\u043e\u0439 \u043f\u043e\u043b\u0438\u0442\u0438\u043a\u0438 \u0410\u0437\u0435\u0440\u0431\u0430\u0439\u0434\u0436\u0430\u043d\u0430\u00bb &nbsp;&nbsp; \u041c\u0430\u0442\u0435\u0440\u0438\u0430\u043b\u044b XIII \u041c\u0435\u0436\u0434\u0443\u043d\u0430\u0440\u043e\u0434\u043d\u044b\u0439 \u0438\u043d\u0442\u0435\u0440\u043d\u0435\u0442 \u043a\u043e\u043d\u0444\u0440\u0435\u043d\u0446\u0438\u0438 \u00ab\u041e\u0431\u0440\u0430\u0437\u043e\u0432\u0430\u043d\u0438\u0435 \u0432 \u0441\u043e\u0432\u0440\u0435\u043c\u0435\u043d\u043d\u044b\u043c \u043c\u0438\u0440\u0435 \u00bb \u043c\u0430\u0440\u0442, 2018, \u0421\u0430\u0440\u0430\u0442\u043e\u0432<\/p>\n\n\n\n<p>5.Z.M.B\u00fcnyadov ad\u0131na \u015e\u0259rq\u015f\u00fcnasl\u0131q \u0130nstitutu, \u00abNizami G\u0259nc\u0259vi v\u0259 \u015e\u0259rq \u0259d\u0259biyyatlar\u0131:\u0259d\u0259bi t\u0259sirin h\u00fcdudlar\u0131\u00bb Dahi Az\u0259rbaycan \u015fairi v\u0259 m\u00fct\u0259f\u0259kkiri Nizami G\u0259nc\u0259vinin anadan olmas\u0131n\u0131n 880 illiyin\u0259 h\u0259sr olunmu\u015f Beyn\u0259lxalq Elmi Konfrans 8 oktyabr, 2021,Bak\u0131<\/p>\n\n\n\n<p>6.\u00abQaraba\u011fln a\u015f\u0131q \u015fairi Xaspolad Co\u015fqunun qalib olmaq \u015f\u0259r\u0259fi\u00bb T\u00fcrkiy\u0259 \u0130qtisadi \u0130nki\u015faf v\u0259 Sosial Ara\u015fd\u0131rmalar \u0130nstitutu, AMEA Folklor \u0130nstitutu v\u0259 ADPU-in birg\u0259 t\u0259\u015fkil etdiyi \u00abZ\u0259ka \u0130\u015f\u0131\u011f\u0131nda\u00bb Ramazan Qafarl\u0131 70 Beyn\u0259lxalq \u0130ctimai v\u0259 M\u0259d\u0259ni Elml\u0259r konfrans\u0131 15-16 \u0130yul 2021-ci il, Bak\u0131<\/p>\n\n\n\n<p>7.\u00abA\u015f\u0131q Xaspolad v\u0259 birinci Qaraba\u011f m\u00fcharib\u0259si\u00bb Q\u0259rbi Kaspi Universiteti, \u00ab\u018fd\u0259biyyatda Qaraba\u011f m\u00f6vzusu\u00bbadl\u0131 Respublika elmi konfrans\u0131 24 aprel,2021, Bakl<\/p>\n\n\n\n<p>8.\u00ab\u0420\u0435\u0430\u043b\u0438\u0437\u0430\u0446\u0438\u044f \u043f\u0440\u0438\u043d\u0446\u0438\u043f\u0430 \u043d\u0430\u0433\u043b\u044f\u0434\u043d\u043e\u0441\u0442\u0438 \u043f\u0440\u0438 \u0447\u0442\u0435\u043d\u0438\u0438 \u043b\u0435\u043a\u0446\u0438\u0439 \u043f\u043e \u0434\u0438\u0441\u0446\u0438\u043f\u043b\u0438\u043d\u044b&nbsp; \u043f\u0435\u0434\u0430\u0433\u043e\u0433\u0438\u0447\u0435\u0441\u043a\u0438\u0435 \u0432\u0437\u0433\u043b\u044f\u0434\u044b \u041d\u0438\u0437\u0430\u043c\u0438 \u0413\u044f\u043d\u0434\u0436\u0430\u0432\u0438\u00bb \u041c\u0435\u0436\u0434\u0443\u043d\u0430\u0440\u043e\u0434\u043d\u044b\u0439 \u043d\u0430\u0443\u0447\u043d\u043e-\u043f\u0440\u0430\u043a\u0442\u0438\u0447\u0435\u0441\u043a\u043e\u0439 \u043a\u043e\u043d\u0444\u0440\u0435\u043d\u0446\u0438\u044f \u00ab \u0417\u043e\u043b\u043e\u0442\u043e\u0435 \u043f\u0440\u0430\u0432\u0438\u043b\u043e \u0434\u0438\u0434\u0430\u043a\u0442\u0438\u043a\u0438\u00bb \u0432 \u0441\u043e\u0432\u0440\u0435\u043c\u0435\u043d\u043d\u043e\u043c \u043e\u0431\u0440\u0430\u0437\u043e\u0432\u0430\u043d\u0438\u0438., \u043f\u043e\u0441\u0432\u044f\u0449\u0435\u043d\u043d\u044b\u0439 430-\u043b\u0435\u0442\u0438\u044e \u0441\u043e \u0434\u043d\u044f \u0440\u043e\u0436\u0434\u0435\u043d\u0438\u044f \u042f\u043d\u0430 \u0410\u043c\u043e\u0441\u0430 \u041a\u043e\u043c\u0435\u043d\u0441\u043a\u043e\u0433\u043e,\u041e\u0440\u043b\u043e\u0432\u0441\u043a\u0438\u0439 \u0413\u043e\u0441\u0443\u0434\u0430\u0440\u0441\u0442\u0432\u0435\u043d\u043d\u044b\u0439 \u0423\u043d\u0438\u0432\u0435\u0440\u0441\u0438\u0442\u0435\u0442 \u0438\u043c\u0435\u043d\u0438 \u0418.\u0421.\u0422\u0443\u0440\u0433\u0435\u043d\u0435\u0432\u0430, 22 \u0430\u043f\u0440\u0435\u043b\u044f 2022 \u0433.<\/p>\n\n\n\n<p>9.\u00abAz\u0259rbaycanda maarif\u00e7iliyin inki\u015faf\u0131nda \u0130r\u0259van M\u00fc\u0259lliml\u0259r seminariyas\u0131 m\u00fc\u0259lliml\u0259rin\u0131n \u0259v\u0259zsiz xidm\u0259tl\u0259ri\u00bb. \u00ab\u0130r\u0259van M\u00fc\u0259lliml\u0259r Seminariyas\u0131-140\u00bb Respublika \u043a\u043e\u043d\u0444\u0440\u0430\u043d\u0441\u044b , 28 oktyabr 2022- ci il, Nax\u0441\u0131van \u015f\u0259h\u0259ri<\/p>\n\n\n\n<p>10.O\u0441\u043e\u0431\u0435\u043d\u043d\u043e\u0441\u0442\u0438 \u043e\u0440\u0433\u0430\u043d\u0438\u0437\u0430\u0446\u0438\u0438 \u043f\u0435\u0434\u0430\u0433\u043e\u0433\u0438\u0447\u0435\u0441\u043a\u043e\u0439 \u0440\u0430\u0431\u043e\u0442\u044b \u0441 \u0434\u0435\u0442\u044c\u043c\u0438, \u043f\u043e\u0442\u0435\u0440\u044f\u0432\u0448\u0438\u0445 \u0440\u043e\u0434\u0438\u0442\u0435\u043b\u0435\u0439.&nbsp;&nbsp;&nbsp;&nbsp;&nbsp;&nbsp;&nbsp;&nbsp;&nbsp;&nbsp; \u201c\u0410\u043a\u0442\u0443\u0430\u043b\u044c\u043d\u044b\u0435 \u043f\u0440\u043e\u0431\u043b\u0435\u043c\u044b \u043f\u0435\u0434\u0430\u0433\u043e\u0433\u0438\u043a\u0438 \u0438 \u043f\u0441\u0438\u0445\u043e\u043b\u043e\u0433\u0438\u0438\u201d, 13 \u0430\u043f\u0440\u0435\u043b\u044f 2023 \u0433\u043e\u0434\u0430, \u041c\u043e\u0441\u043a\u0432\u0430<\/p>\n","protected":false},"excerpt":{"rendered":"<p>G\u0259nc\u0259 D\u00f6vl\u0259t Universitetin \u00dcmumi pedaqogika kafedrasin\u0131n ba\u015f m\u00fc\u0259llimi Telefon: +994515912025 E-mail: abbasova-abbasova777@mail.ru QISA B\u0130OQRAF\u0130K M\u018fLUMAT * 03 yanvar 1970-ci ild\u0259 G\u0259nc\u0259 \u015f\u0259h\u0259rind\u0259 f\u0259hl\u0259 ail\u0259sind\u0259 anadan olub. Ail\u0259lidir, 2 \u00f6vlad\u0131 var. 2013-c\u00fc ild\u0259n YAP-\u0131n \u00fczv\u00fcd\u00fcr. T\u018fHS\u0130L\u0130, ELM\u0130 D\u018fR\u018fC\u018fS\u0130 V\u018f ELM\u0130 ADLARI *1987-ci ild\u0259 G\u0259nc\u0259 \u015f\u0259h\u0259ri, N\u0259riman N\u0259rimanov ad\u0131na 25 sayl\u0131 orta m\u0259kt\u0259bi \u0259la qiym\u0259tl\u0259rl\u0259 bitirib. *1991-ci<\/p>\n<p><a href=\"http:\/\/pedf.gdu.edu.az\/?page_id=811\" class=\"more-link themebutton\">Daha \u0259trafl\u0131 <\/a><\/p>\n","protected":false},"author":1,"featured_media":781,"parent":0,"menu_order":0,"comment_status":"closed","ping_status":"closed","template":"","meta":{"footnotes":""},"class_list":["post-811","page","type-page","status-publish","has-post-thumbnail","hentry"],"_links":{"self":[{"href":"http:\/\/pedf.gdu.edu.az\/index.php?rest_route=\/wp\/v2\/pages\/811","targetHints":{"allow":["GET"]}}],"collection":[{"href":"http:\/\/pedf.gdu.edu.az\/index.php?rest_route=\/wp\/v2\/pages"}],"about":[{"href":"http:\/\/pedf.gdu.edu.az\/index.php?rest_route=\/wp\/v2\/types\/page"}],"author":[{"embeddable":true,"href":"http:\/\/pedf.gdu.edu.az\/index.php?rest_route=\/wp\/v2\/users\/1"}],"replies":[{"embeddable":true,"href":"http:\/\/pedf.gdu.edu.az\/index.php?rest_route=%2Fwp%2Fv2%2Fcomments&post=811"}],"version-history":[{"count":6,"href":"http:\/\/pedf.gdu.edu.az\/index.php?rest_route=\/wp\/v2\/pages\/811\/revisions"}],"predecessor-version":[{"id":9635,"href":"http:\/\/pedf.gdu.edu.az\/index.php?rest_route=\/wp\/v2\/pages\/811\/revisions\/9635"}],"wp:featuredmedia":[{"embeddable":true,"href":"http:\/\/pedf.gdu.edu.az\/index.php?rest_route=\/wp\/v2\/media\/781"}],"wp:attachment":[{"href":"http:\/\/pedf.gdu.edu.az\/index.php?rest_route=%2Fwp%2Fv2%2Fmedia&parent=811"}],"curies":[{"name":"wp","href":"https:\/\/api.w.org\/{rel}","templated":true}]}}